{"id":356,"date":"2022-02-22T14:32:55","date_gmt":"2022-02-22T13:32:55","guid":{"rendered":"https:\/\/lerumsbk.se\/?page_id=356"},"modified":"2026-03-10T15:03:50","modified_gmt":"2026-03-10T14:03:50","slug":"allman-information","status":"publish","type":"page","link":"https:\/\/lerumsbk.se\/index.php\/allman-information\/","title":{"rendered":"Skottr\u00e4ning p\u00e5 klubben"},"content":{"rendered":"<p>Skottr\u00e4ning f\u00e5r ske enbart p\u00e5 torsdagar 18- 22 och l\u00f6rdagar 11-14.&nbsp;<br>Tr\u00e4ningen b\u00f6r informeras om i v\u00e5r kalender och p\u00e5 FB.<\/p>\n\n\n\n<p>Har du en ljudk\u00e4nslig hund l\u00e4s \u00e4ven under fliken skyddstr\u00e4ning. <\/p>\n\n\n\n<p><strong>Om skotttr\u00e4ningen<\/strong><br><strong>Lerums BK vapenansvarig: <\/strong>Svenne Sundberg<br><br>Det kan dyka upp aktiviteter p\u00e5 klubben som ska ges f\u00f6retr\u00e4de, d\u00e5 stryks den skottr\u00e4ningsdagen.<\/p>\n\n\n\n<p>Var och en skall vid f\u00f6rhinder att leda skottr\u00e4ningen, p\u00e5 eget initiativ, byta dag med n\u00e5gon av de andra eller ringa en av reserverna.<\/p>\n\n\n\n<p>Var och en av oss (den som ska leda skottr\u00e4ningen) p\u00e5minner om tr\u00e4ningen p\u00e5 klubbens facebook sida, senast dagen innan. Meddela \u00e4ven n\u00e4r planerad dag stryks pga annan klubbaktivitet.<\/p>\n\n\n\n<figure class=\"wp-block-table\"><table class=\"has-fixed-layout\"><tbody><tr><td><strong>L\u00f6rdagar 11:00<\/strong><\/td><td><strong>Namn<\/strong><\/td><\/tr><tr><td>28 feb<\/td><td>Svenne <\/td><\/tr><tr><td>7 mars<\/td><td>Svenne <\/td><\/tr><tr><td>14 mars<\/td><td>Git<\/td><\/tr><tr><td>21 mars<\/td><td>Anita<\/td><\/tr><tr><td><em>28 mars<\/em><\/td><td><em>T\u00e4vling IGP<\/em><\/td><\/tr><\/tbody><\/table><\/figure>\n\n\n\n<figure class=\"wp-block-table\"><table class=\"has-fixed-layout\"><tbody><tr><td><strong>Torsdagar 18:30<\/strong><\/td><td><strong>Namn<\/strong><\/td><\/tr><tr><td>2 april<\/td><td>Stig<\/td><\/tr><tr><td>9 april<\/td><td>Anne-Marie<\/td><\/tr><tr><td>16 april<\/td><td>Sofie<\/td><\/tr><tr><td>23 april<\/td><td>Nilla<\/td><\/tr><tr><td>30 april<\/td><td>Stig<\/td><\/tr><tr><td>7 maj<\/td><td>Svenne<\/td><\/tr><tr><td>14 maj<\/td><td>Helgdag<\/td><\/tr><tr><td>21 maj<\/td><td>Anne-Marie<\/td><\/tr><tr><td>28 maj<\/td><td>Christina<\/td><\/tr><tr><td>4 juni<\/td><td>Barbro<\/td><\/tr><tr><td>11 juni<\/td><td>Sofie<\/td><\/tr><tr><td>18 juni<\/td><td>Nilla<\/td><\/tr><\/tbody><\/table><\/figure>\n\n\n\n<p><\/p>\n\n\n\n<p class=\"has-text-align-left\">&nbsp;&nbsp;&nbsp;&nbsp;&nbsp;&nbsp;&nbsp;&nbsp;&nbsp;&nbsp;&nbsp;&nbsp;&nbsp;&nbsp;&nbsp;&nbsp;&nbsp;&nbsp;&nbsp;&nbsp;&nbsp;&nbsp;&nbsp;&nbsp;&nbsp;&nbsp;&nbsp;&nbsp;&nbsp;&nbsp;&nbsp;&nbsp;&nbsp;&nbsp;&nbsp;&nbsp;&nbsp;&nbsp;&nbsp;&nbsp;&nbsp;&nbsp;&nbsp;&nbsp;&nbsp;&nbsp;&nbsp;&nbsp;&nbsp;&nbsp;&nbsp;&nbsp;&nbsp;&nbsp;&nbsp;&nbsp;&nbsp;&nbsp;&nbsp;&nbsp;&nbsp;&nbsp;&nbsp;&nbsp;&nbsp;&nbsp;&nbsp;&nbsp;&nbsp;&nbsp;&nbsp;&nbsp;&nbsp;&nbsp;&nbsp;&nbsp;&nbsp;&nbsp;&nbsp;&nbsp;&nbsp;&nbsp;&nbsp;&nbsp;&nbsp;&nbsp;&nbsp;&nbsp;&nbsp;&nbsp;&nbsp;&nbsp;&nbsp;&nbsp;&nbsp;&nbsp;&nbsp;&nbsp;&nbsp;&nbsp;&nbsp;&nbsp;&nbsp;&nbsp;&nbsp;&nbsp;<\/p>\n\n\n\n<figure class=\"wp-block-image is-resized\"><img loading=\"lazy\" decoding=\"async\" width=\"960\" height=\"720\" src=\"https:\/\/lerumsbk.se\/wp-content\/uploads\/2022\/02\/platsliggning.jpg\" alt=\"\" class=\"wp-image-68\" style=\"width:361px;height:270px\" srcset=\"https:\/\/lerumsbk.se\/wp-content\/uploads\/2022\/02\/platsliggning.jpg 960w, https:\/\/lerumsbk.se\/wp-content\/uploads\/2022\/02\/platsliggning-350x263.jpg 350w, https:\/\/lerumsbk.se\/wp-content\/uploads\/2022\/02\/platsliggning-300x225.jpg 300w, https:\/\/lerumsbk.se\/wp-content\/uploads\/2022\/02\/platsliggning-768x576.jpg 768w\" sizes=\"auto, (max-width: 767px) 89vw, (max-width: 1000px) 54vw, (max-width: 1071px) 543px, 580px\" \/><figcaption class=\"wp-element-caption\">Platsliggning<\/figcaption><\/figure>","protected":false},"excerpt":{"rendered":"<p>Skottr\u00e4ning f\u00e5r ske enbart p\u00e5 torsdagar 18- 22 och l\u00f6rdagar 11-14.&nbsp;Tr\u00e4ningen b\u00f6r informeras om i v\u00e5r kalender och p\u00e5 FB. Har du en ljudk\u00e4nslig hund l\u00e4s \u00e4ven under fliken skyddstr\u00e4ning. Om skotttr\u00e4ningenLerums BK vapenansvarig: Svenne Sundberg Det kan dyka upp aktiviteter p\u00e5 klubben som ska ges f\u00f6retr\u00e4de, d\u00e5 stryks den skottr\u00e4ningsdagen. Var och en skall &hellip; <\/p>\n<p class=\"link-more\"><a href=\"https:\/\/lerumsbk.se\/index.php\/allman-information\/\" class=\"more-link\">Forts\u00e4tt l\u00e4sa<span class=\"screen-reader-text\"> \u201dSkottr\u00e4ning p\u00e5 klubben\u201d<\/span><\/a><\/p>\n","protected":false},"author":2,"featured_media":0,"parent":0,"menu_order":0,"comment_status":"closed","ping_status":"closed","template":"","meta":{"footnotes":"","_wp_rev_ctl_limit":""},"class_list":["post-356","page","type-page","status-publish","hentry"],"_links":{"self":[{"href":"https:\/\/lerumsbk.se\/index.php\/wp-json\/wp\/v2\/pages\/356","targetHints":{"allow":["GET"]}}],"collection":[{"href":"https:\/\/lerumsbk.se\/index.php\/wp-json\/wp\/v2\/pages"}],"about":[{"href":"https:\/\/lerumsbk.se\/index.php\/wp-json\/wp\/v2\/types\/page"}],"author":[{"embeddable":true,"href":"https:\/\/lerumsbk.se\/index.php\/wp-json\/wp\/v2\/users\/2"}],"replies":[{"embeddable":true,"href":"https:\/\/lerumsbk.se\/index.php\/wp-json\/wp\/v2\/comments?post=356"}],"version-history":[{"count":3,"href":"https:\/\/lerumsbk.se\/index.php\/wp-json\/wp\/v2\/pages\/356\/revisions"}],"predecessor-version":[{"id":6052,"href":"https:\/\/lerumsbk.se\/index.php\/wp-json\/wp\/v2\/pages\/356\/revisions\/6052"}],"wp:attachment":[{"href":"https:\/\/lerumsbk.se\/index.php\/wp-json\/wp\/v2\/media?parent=356"}],"curies":[{"name":"wp","href":"https:\/\/api.w.org\/{rel}","templated":true}]}}