{"id":2117,"date":"2023-02-17T08:56:34","date_gmt":"2023-02-17T07:56:34","guid":{"rendered":"https:\/\/lerumsbk.se\/?page_id=2117"},"modified":"2023-02-18T14:14:16","modified_gmt":"2023-02-18T13:14:16","slug":"avverkningskarta","status":"publish","type":"page","link":"https:\/\/lerumsbk.se\/index.php\/avverkningskarta\/","title":{"rendered":"Avverkningskarta"},"content":{"rendered":"<figure class=\"wp-block-image size-full\"><img loading=\"lazy\" decoding=\"async\" width=\"540\" height=\"800\" src=\"https:\/\/lerumsbk.se\/wp-content\/uploads\/2023\/02\/avverkningskarta-1.jpg\" alt=\"\" class=\"wp-image-2122\" srcset=\"https:\/\/lerumsbk.se\/wp-content\/uploads\/2023\/02\/avverkningskarta-1.jpg 540w, https:\/\/lerumsbk.se\/wp-content\/uploads\/2023\/02\/avverkningskarta-1-203x300.jpg 203w, https:\/\/lerumsbk.se\/wp-content\/uploads\/2023\/02\/avverkningskarta-1-350x519.jpg 350w\" sizes=\"auto, (max-width: 540px) 100vw, 540px\" \/><\/figure>\n\n\n\n<p>Vi kan nu visa en karta \u00f6ver vilka omr\u00e5den som ska avverkas.<\/p>\n\n\n\n<p>Det gr\u00f6na omr\u00e5det kommer det att avverkas helt. Det \u00e4r h\u00e4r som kraftledningen ska g\u00e5. Det h\u00e4r blir det f\u00f6rsta omr\u00e5de som avverkas. Det \u00e4r ocks\u00e5 markerat var timmer\/ved kommer att l\u00e4ggas upp.<br>\u201dVinkeln\u201d p\u00e5 ledningen kommer att inkr\u00e4kta p\u00e5 v\u00e5r uppletanderuta vilket inneb\u00e4r att den kommer att flyttas.<\/p>\n\n\n\n<p>Inom de rutiga omr\u00e5dena kommer vissa delar att gallras medan andra kommer att slutavverkas. Slutavverkning inneb\u00e4r att all gran avverkas och att vissa fr\u00f6tallar sparas samt att det mesta av l\u00f6vtr\u00e4d sparas.<\/p>\n\n\n\n<p>Under den tid d\u00e5 avverkning och byggnation av kraftledningen sker kommer tillg\u00e4ngligheten till omr\u00e5det att vara begr\u00e4nsad.<br>I huvudsak allt \u201dgrot\u201d, dvs grenar, kvistar, sly mm, kommer att rensas bort och v\u00e5ra stigar och \u00f6vrig mark ska vara framkomliga.<\/p>\n\n\n\n<p>N\u00e4r det g\u00e4ller v\u00e5r v\u00e4g s\u00e5 ska respektive entrepren\u00f6r (S\u00f6dra Skogs\u00e4garna och NCC) s\u00e4kerst\u00e4lla att den alltid \u00e4r framkomlig.<\/p>","protected":false},"excerpt":{"rendered":"<p>Vi kan nu visa en karta \u00f6ver vilka omr\u00e5den som ska avverkas. Det gr\u00f6na omr\u00e5det kommer det att avverkas helt. Det \u00e4r h\u00e4r som kraftledningen ska g\u00e5. Det h\u00e4r blir det f\u00f6rsta omr\u00e5de som avverkas. Det \u00e4r ocks\u00e5 markerat var timmer\/ved kommer att l\u00e4ggas upp.\u201dVinkeln\u201d p\u00e5 ledningen kommer att inkr\u00e4kta p\u00e5 v\u00e5r uppletanderuta vilket inneb\u00e4r &hellip; <\/p>\n<p class=\"link-more\"><a href=\"https:\/\/lerumsbk.se\/index.php\/avverkningskarta\/\" class=\"more-link\">Forts\u00e4tt l\u00e4sa<span class=\"screen-reader-text\"> \u201dAvverkningskarta\u201d<\/span><\/a><\/p>\n","protected":false},"author":2,"featured_media":0,"parent":0,"menu_order":0,"comment_status":"closed","ping_status":"closed","template":"","meta":{"footnotes":"","_wp_rev_ctl_limit":""},"class_list":["post-2117","page","type-page","status-publish","hentry"],"_links":{"self":[{"href":"https:\/\/lerumsbk.se\/index.php\/wp-json\/wp\/v2\/pages\/2117","targetHints":{"allow":["GET"]}}],"collection":[{"href":"https:\/\/lerumsbk.se\/index.php\/wp-json\/wp\/v2\/pages"}],"about":[{"href":"https:\/\/lerumsbk.se\/index.php\/wp-json\/wp\/v2\/types\/page"}],"author":[{"embeddable":true,"href":"https:\/\/lerumsbk.se\/index.php\/wp-json\/wp\/v2\/users\/2"}],"replies":[{"embeddable":true,"href":"https:\/\/lerumsbk.se\/index.php\/wp-json\/wp\/v2\/comments?post=2117"}],"version-history":[{"count":2,"href":"https:\/\/lerumsbk.se\/index.php\/wp-json\/wp\/v2\/pages\/2117\/revisions"}],"predecessor-version":[{"id":2125,"href":"https:\/\/lerumsbk.se\/index.php\/wp-json\/wp\/v2\/pages\/2117\/revisions\/2125"}],"wp:attachment":[{"href":"https:\/\/lerumsbk.se\/index.php\/wp-json\/wp\/v2\/media?parent=2117"}],"curies":[{"name":"wp","href":"https:\/\/api.w.org\/{rel}","templated":true}]}}